{"id":11103,"date":"2023-03-14T22:18:13","date_gmt":"2023-03-14T22:18:13","guid":{"rendered":"https:\/\/festivalcapuchos.com\/?page_id=11103"},"modified":"2023-11-14T11:21:38","modified_gmt":"2023-11-14T11:21:38","slug":"joao-barradas","status":"publish","type":"page","link":"https:\/\/festivalcapuchos.com\/pt\/joao-barradas\/","title":{"rendered":"Jo\u00e3o Barradas"},"content":{"rendered":"\t\t<div data-elementor-type=\"wp-page\" data-elementor-id=\"11103\" class=\"elementor elementor-11103\" data-elementor-post-type=\"page\">\n\t\t\t\t\t\t<section class=\"elementor-section elementor-top-section elementor-element elementor-element-b15ebc5 elementor-section-boxed elementor-section-height-default elementor-section-height-default\" data-id=\"b15ebc5\" data-element_type=\"section\" data-e-type=\"section\" data-settings=\"{&quot;background_background&quot;:&quot;classic&quot;}\">\n\t\t\t\t\t\t<div class=\"elementor-container elementor-column-gap-default\">\n\t\t\t\t\t<div class=\"elementor-column elementor-col-100 elementor-top-column elementor-element elementor-element-9c9b81c\" data-id=\"9c9b81c\" data-element_type=\"column\" data-e-type=\"column\">\n\t\t\t<div class=\"elementor-widget-wrap elementor-element-populated\">\n\t\t\t\t\t\t<div class=\"elementor-element elementor-element-566741a elementor-widget elementor-widget-spacer\" data-id=\"566741a\" data-element_type=\"widget\" data-e-type=\"widget\" data-widget_type=\"spacer.default\">\n\t\t\t\t<div class=\"elementor-widget-container\">\n\t\t\t\t\t\t\t<div class=\"elementor-spacer\">\n\t\t\t<div class=\"elementor-spacer-inner\"><\/div>\n\t\t<\/div>\n\t\t\t\t\t\t<\/div>\n\t\t\t\t<\/div>\n\t\t\t\t\t<\/div>\n\t\t<\/div>\n\t\t\t\t\t<\/div>\n\t\t<\/section>\n\t\t\t\t<section class=\"elementor-section elementor-top-section elementor-element elementor-element-91d794f elementor-section-boxed elementor-section-height-default elementor-section-height-default\" data-id=\"91d794f\" data-element_type=\"section\" data-e-type=\"section\" data-settings=\"{&quot;background_background&quot;:&quot;classic&quot;}\">\n\t\t\t\t\t\t<div class=\"elementor-container elementor-column-gap-default\">\n\t\t\t\t\t<div class=\"elementor-column elementor-col-25 elementor-top-column elementor-element elementor-element-7d252a85\" data-id=\"7d252a85\" data-element_type=\"column\" data-e-type=\"column\">\n\t\t\t<div class=\"elementor-widget-wrap\">\n\t\t\t\t\t\t\t<\/div>\n\t\t<\/div>\n\t\t\t\t<div class=\"elementor-column elementor-col-25 elementor-top-column elementor-element elementor-element-6f9b856e\" data-id=\"6f9b856e\" data-element_type=\"column\" data-e-type=\"column\">\n\t\t\t<div class=\"elementor-widget-wrap elementor-element-populated\">\n\t\t\t\t\t\t<div class=\"elementor-element elementor-element-796b1cc elementor-widget elementor-widget-image\" data-id=\"796b1cc\" data-element_type=\"widget\" data-e-type=\"widget\" data-widget_type=\"image.default\">\n\t\t\t\t<div class=\"elementor-widget-container\">\n\t\t\t\t\t\t\t\t\t\t\t\t<figure class=\"wp-caption\">\n\t\t\t\t\t\t\t\t\t\t<img fetchpriority=\"high\" decoding=\"async\" width=\"522\" height=\"522\" src=\"https:\/\/festivalcapuchos.com\/wp-content\/uploads\/2023\/03\/bios-artistas28.jpg\" class=\"attachment-medium_large size-medium_large wp-image-10586\" alt=\"\" srcset=\"https:\/\/festivalcapuchos.com\/wp-content\/uploads\/2023\/03\/bios-artistas28.jpg 522w, https:\/\/festivalcapuchos.com\/wp-content\/uploads\/2023\/03\/bios-artistas28-300x300.jpg 300w, https:\/\/festivalcapuchos.com\/wp-content\/uploads\/2023\/03\/bios-artistas28-150x150.jpg 150w, https:\/\/festivalcapuchos.com\/wp-content\/uploads\/2023\/03\/bios-artistas28-12x12.jpg 12w\" sizes=\"(max-width: 522px) 100vw, 522px\" \/>\t\t\t\t\t\t\t\t\t\t\t<figcaption class=\"widget-image-caption wp-caption-text\">Foto: M\u00e1rcia Lessa<\/figcaption>\n\t\t\t\t\t\t\t\t\t\t<\/figure>\n\t\t\t\t\t\t\t\t\t<\/div>\n\t\t\t\t<\/div>\n\t\t\t\t\t<\/div>\n\t\t<\/div>\n\t\t\t\t<div class=\"elementor-column elementor-col-25 elementor-top-column elementor-element elementor-element-544a7023\" data-id=\"544a7023\" data-element_type=\"column\" data-e-type=\"column\">\n\t\t\t<div class=\"elementor-widget-wrap elementor-element-populated\">\n\t\t\t\t\t\t<div class=\"elementor-element elementor-element-1b166e15 elementor-drop-cap-yes elementor-drop-cap-view-default elementor-widget elementor-widget-text-editor\" data-id=\"1b166e15\" data-element_type=\"widget\" data-e-type=\"widget\" data-settings=\"{&quot;drop_cap&quot;:&quot;yes&quot;}\" data-widget_type=\"text-editor.default\">\n\t\t\t\t<div class=\"elementor-widget-container\">\n\t\t\t\t\t\t\t\t\t<p>Jo\u00e3o Barradas \u00e9 um dos mais conceituados e reconhecidos acordeonistas europeus, movendo-se, simultaneamente, entre a m\u00fasica cl\u00e1ssica, o jazz e a m\u00fasica improvisada. Venceu alguns dos mais prestigiados concursos internacionais para o seu instrumento na \u00e1rea da m\u00fasica erudita, dos quais se destacam, entre outros, o Trof\u00e9u Mundial de Acorde\u00e3o, o Coupe Mondiale de Acorde\u00e3o, o Concurso Internacional de Castelfidardo e o Okud Istra International Competition.<br \/>Barradas tem-se apresentado, enquanto solita, em grandes salas como Het Concertgebouw Amsterdam, Wiener Konzerthaus, Elbphilharmonie Hamburg, K\u00f6lner Philharmonie, Philharmonie Luxembourg, Philharmonie de Paris, Konzerthaus Dortmund, L&#8217;Auditori Barcelona, Mupa Budapest, entre outras. <br \/>Enquanto int\u00e9rprete, teve a seu cargo dezenas de estreias mundiais para acorde\u00e3o solo escritas para ele por alguns dos mais destacados compositores europeus. Em 2016 grava, com a editora nova iorquina Inner Circle Music, o seu primeiro \u00e1lbum enquanto l\u00edder, \u201cDirections\u201d, que conta com a produ\u00e7\u00e3o de Greg Osby e foi considerado um dos melhores \u00e1lbuns do ano pela revista Downbeat, aparecendo na sua prestigiada lista &#8220;Best Albums of The Year&#8221;. <br \/>Barradas tem colaborado com diversos m\u00fasicos de renome, nomeadamente com Greg Osby, Mark Turner, Peter Evans, Aka Moon, Mike Stern, Rufus Reid, Gil Goldstein, Jonathan Kreisberg, Fabrizio Cassol, Jacob Sacks, Miles Okazaki, entre muitos outros.<br \/>Foi nomeado <em>ECHO Rising Star<\/em> pela European Concert Hall Organization para a temporada 2019\/2020. Nessa mesma temporada, a prestigiada BBC Music Magazine nomeou Jo\u00e3o Barradas como um dos seus <em>Rising Stars<\/em>.<\/p>\t\t\t\t\t\t\t\t<\/div>\n\t\t\t\t<\/div>\n\t\t\t\t<div class=\"elementor-element elementor-element-4c5ebc09 elementor-widget elementor-widget-text-editor\" data-id=\"4c5ebc09\" data-element_type=\"widget\" data-e-type=\"widget\" data-widget_type=\"text-editor.default\">\n\t\t\t\t<div class=\"elementor-widget-container\">\n\t\t\t\t\t\t\t\t\t<h5>\u00a0<\/h5><h5><b>11 JUNHO 21h00 &#8211; Convento dos Capuchos<\/b><\/h5><p><a href=\"https:\/\/festivalcapuchos.com\/100_caminhos_joao_barradas\/\">Os Sopros do Tempo 2<\/a><br \/><b><i>100\u00a0Caminhos &amp; Jo\u00e3o Barradas<\/i><\/b><\/p><h5><b>11 JUNHO 23h00 &#8211; Convento dos Capuchos<\/b><\/h5><p><a href=\"https:\/\/festivalcapuchos.com\/joao_barradas_solo\/\">O Tempo do Jazz<\/a><br \/><b><i>Jo\u00e3o Barradas a solo<\/i><\/b><\/p>\t\t\t\t\t\t\t\t<\/div>\n\t\t\t\t<\/div>\n\t\t\t\t\t<\/div>\n\t\t<\/div>\n\t\t\t\t<div class=\"elementor-column elementor-col-25 elementor-top-column elementor-element elementor-element-b8beafa\" data-id=\"b8beafa\" data-element_type=\"column\" data-e-type=\"column\">\n\t\t\t<div class=\"elementor-widget-wrap\">\n\t\t\t\t\t\t\t<\/div>\n\t\t<\/div>\n\t\t\t\t\t<\/div>\n\t\t<\/section>\n\t\t\t\t<section class=\"elementor-section elementor-top-section elementor-element elementor-element-23ed8fe4 elementor-section-boxed elementor-section-height-default elementor-section-height-default\" data-id=\"23ed8fe4\" data-element_type=\"section\" data-e-type=\"section\" data-settings=\"{&quot;background_background&quot;:&quot;classic&quot;}\">\n\t\t\t\t\t\t<div class=\"elementor-container elementor-column-gap-default\">\n\t\t\t\t\t<div class=\"elementor-column elementor-col-25 elementor-top-column elementor-element elementor-element-346f82bf\" data-id=\"346f82bf\" data-element_type=\"column\" data-e-type=\"column\">\n\t\t\t<div class=\"elementor-widget-wrap\">\n\t\t\t\t\t\t\t<\/div>\n\t\t<\/div>\n\t\t\t\t<div class=\"elementor-column elementor-col-25 elementor-top-column elementor-element elementor-element-3088f07d\" data-id=\"3088f07d\" data-element_type=\"column\" data-e-type=\"column\">\n\t\t\t<div class=\"elementor-widget-wrap elementor-element-populated\">\n\t\t\t\t\t\t<div class=\"elementor-element elementor-element-148e0386 elementor-align-center elementor-widget elementor-widget-button\" data-id=\"148e0386\" data-element_type=\"widget\" data-e-type=\"widget\" data-widget_type=\"button.default\">\n\t\t\t\t<div class=\"elementor-widget-container\">\n\t\t\t\t\t\t\t\t\t<div class=\"elementor-button-wrapper\">\n\t\t\t\t\t<a class=\"elementor-button elementor-button-link elementor-size-sm\" href=\"https:\/\/festivalcapuchos.com\/joaquim-rocha\/\">\n\t\t\t\t\t\t<span class=\"elementor-button-content-wrapper\">\n\t\t\t\t\t\t\t\t\t<span class=\"elementor-button-text\">ANTERIOR<\/span>\n\t\t\t\t\t<\/span>\n\t\t\t\t\t<\/a>\n\t\t\t\t<\/div>\n\t\t\t\t\t\t\t\t<\/div>\n\t\t\t\t<\/div>\n\t\t\t\t\t<\/div>\n\t\t<\/div>\n\t\t\t\t<div class=\"elementor-column elementor-col-25 elementor-top-column elementor-element elementor-element-3e7fecf8\" data-id=\"3e7fecf8\" data-element_type=\"column\" data-e-type=\"column\">\n\t\t\t<div class=\"elementor-widget-wrap elementor-element-populated\">\n\t\t\t\t\t\t<div class=\"elementor-element elementor-element-68b17ab9 elementor-align-center elementor-widget elementor-widget-button\" data-id=\"68b17ab9\" data-element_type=\"widget\" data-e-type=\"widget\" data-widget_type=\"button.default\">\n\t\t\t\t<div class=\"elementor-widget-container\">\n\t\t\t\t\t\t\t\t\t<div class=\"elementor-button-wrapper\">\n\t\t\t\t\t<a class=\"elementor-button elementor-button-link elementor-size-sm\" href=\"https:\/\/festivalcapuchos.com\/antonio-victorino-dalmeida\/\">\n\t\t\t\t\t\t<span class=\"elementor-button-content-wrapper\">\n\t\t\t\t\t\t\t\t\t<span class=\"elementor-button-text\">SEGUINTE<\/span>\n\t\t\t\t\t<\/span>\n\t\t\t\t\t<\/a>\n\t\t\t\t<\/div>\n\t\t\t\t\t\t\t\t<\/div>\n\t\t\t\t<\/div>\n\t\t\t\t\t<\/div>\n\t\t<\/div>\n\t\t\t\t<div class=\"elementor-column elementor-col-25 elementor-top-column elementor-element elementor-element-243d95f3\" data-id=\"243d95f3\" data-element_type=\"column\" data-e-type=\"column\">\n\t\t\t<div class=\"elementor-widget-wrap\">\n\t\t\t\t\t\t\t<\/div>\n\t\t<\/div>\n\t\t\t\t\t<\/div>\n\t\t<\/section>\n\t\t\t\t<section class=\"elementor-section elementor-top-section elementor-element elementor-element-a88ca21 elementor-section-boxed elementor-section-height-default elementor-section-height-default\" data-id=\"a88ca21\" data-element_type=\"section\" data-e-type=\"section\" data-settings=\"{&quot;background_background&quot;:&quot;classic&quot;}\">\n\t\t\t\t\t\t<div class=\"elementor-container elementor-column-gap-default\">\n\t\t\t\t\t<div class=\"elementor-column elementor-col-100 elementor-top-column elementor-element elementor-element-e9f1493\" data-id=\"e9f1493\" data-element_type=\"column\" data-e-type=\"column\">\n\t\t\t<div class=\"elementor-widget-wrap elementor-element-populated\">\n\t\t\t\t\t\t<div class=\"elementor-element elementor-element-6229334 elementor-widget elementor-widget-spacer\" data-id=\"6229334\" data-element_type=\"widget\" data-e-type=\"widget\" data-widget_type=\"spacer.default\">\n\t\t\t\t<div class=\"elementor-widget-container\">\n\t\t\t\t\t\t\t<div class=\"elementor-spacer\">\n\t\t\t<div class=\"elementor-spacer-inner\"><\/div>\n\t\t<\/div>\n\t\t\t\t\t\t<\/div>\n\t\t\t\t<\/div>\n\t\t\t\t\t<\/div>\n\t\t<\/div>\n\t\t\t\t\t<\/div>\n\t\t<\/section>\n\t\t\t\t<\/div>\n\t\t","protected":false},"excerpt":{"rendered":"<p>Foto: M\u00e1rcia Lessa Jo\u00e3o Barradas \u00e9 um dos mais conceituados e reconhecidos acordeonistas europeus, movendo-se, simultaneamente, entre a m\u00fasica cl\u00e1ssica, o jazz e a m\u00fasica improvisada. Venceu alguns dos mais prestigiados concursos internacionais para o seu instrumento na \u00e1rea da m\u00fasica erudita, dos quais se destacam, entre outros, o Trof\u00e9u Mundial de Acorde\u00e3o, o Coupe [&hellip;]<\/p>\n","protected":false},"author":5,"featured_media":0,"parent":0,"menu_order":0,"comment_status":"closed","ping_status":"closed","template":"","meta":{"_acf_changed":false,"ocean_post_layout":"","ocean_both_sidebars_style":"","ocean_both_sidebars_content_width":0,"ocean_both_sidebars_sidebars_width":0,"ocean_sidebar":"0","ocean_second_sidebar":"0","ocean_disable_margins":"enable","ocean_add_body_class":"","ocean_shortcode_before_top_bar":"","ocean_shortcode_after_top_bar":"","ocean_shortcode_before_header":"","ocean_shortcode_after_header":"","ocean_has_shortcode":"","ocean_shortcode_after_title":"","ocean_shortcode_before_footer_widgets":"","ocean_shortcode_after_footer_widgets":"","ocean_shortcode_before_footer_bottom":"","ocean_shortcode_after_footer_bottom":"","ocean_display_top_bar":"default","ocean_display_header":"default","ocean_header_style":"","ocean_center_header_left_menu":"0","ocean_custom_header_template":"0","ocean_custom_logo":0,"ocean_custom_retina_logo":0,"ocean_custom_logo_max_width":0,"ocean_custom_logo_tablet_max_width":0,"ocean_custom_logo_mobile_max_width":0,"ocean_custom_logo_max_height":0,"ocean_custom_logo_tablet_max_height":0,"ocean_custom_logo_mobile_max_height":0,"ocean_header_custom_menu":"0","ocean_menu_typo_font_family":"0","ocean_menu_typo_font_subset":"","ocean_menu_typo_font_size":0,"ocean_menu_typo_font_size_tablet":0,"ocean_menu_typo_font_size_mobile":0,"ocean_menu_typo_font_size_unit":"px","ocean_menu_typo_font_weight":"","ocean_menu_typo_font_weight_tablet":"","ocean_menu_typo_font_weight_mobile":"","ocean_menu_typo_transform":"","ocean_menu_typo_transform_tablet":"","ocean_menu_typo_transform_mobile":"","ocean_menu_typo_line_height":0,"ocean_menu_typo_line_height_tablet":0,"ocean_menu_typo_line_height_mobile":0,"ocean_menu_typo_line_height_unit":"","ocean_menu_typo_spacing":0,"ocean_menu_typo_spacing_tablet":0,"ocean_menu_typo_spacing_mobile":0,"ocean_menu_typo_spacing_unit":"","ocean_menu_link_color":"","ocean_menu_link_color_hover":"","ocean_menu_link_color_active":"","ocean_menu_link_background":"","ocean_menu_link_hover_background":"","ocean_menu_link_active_background":"","ocean_menu_social_links_bg":"","ocean_menu_social_hover_links_bg":"","ocean_menu_social_links_color":"","ocean_menu_social_hover_links_color":"","ocean_disable_title":"default","ocean_disable_heading":"default","ocean_post_title":"","ocean_post_subheading":"","ocean_post_title_style":"","ocean_post_title_background_color":"","ocean_post_title_background":0,"ocean_post_title_bg_image_position":"","ocean_post_title_bg_image_attachment":"","ocean_post_title_bg_image_repeat":"","ocean_post_title_bg_image_size":"","ocean_post_title_height":0,"ocean_post_title_bg_overlay":0.5,"ocean_post_title_bg_overlay_color":"","ocean_disable_breadcrumbs":"default","ocean_breadcrumbs_color":"","ocean_breadcrumbs_separator_color":"","ocean_breadcrumbs_links_color":"","ocean_breadcrumbs_links_hover_color":"","ocean_display_footer_widgets":"default","ocean_display_footer_bottom":"default","ocean_custom_footer_template":"0","footnotes":""},"class_list":["post-11103","page","type-page","status-publish","hentry","entry"],"acf":[],"aioseo_notices":[],"_links":{"self":[{"href":"https:\/\/festivalcapuchos.com\/pt\/wp-json\/wp\/v2\/pages\/11103","targetHints":{"allow":["GET"]}}],"collection":[{"href":"https:\/\/festivalcapuchos.com\/pt\/wp-json\/wp\/v2\/pages"}],"about":[{"href":"https:\/\/festivalcapuchos.com\/pt\/wp-json\/wp\/v2\/types\/page"}],"author":[{"embeddable":true,"href":"https:\/\/festivalcapuchos.com\/pt\/wp-json\/wp\/v2\/users\/5"}],"replies":[{"embeddable":true,"href":"https:\/\/festivalcapuchos.com\/pt\/wp-json\/wp\/v2\/comments?post=11103"}],"version-history":[{"count":0,"href":"https:\/\/festivalcapuchos.com\/pt\/wp-json\/wp\/v2\/pages\/11103\/revisions"}],"wp:attachment":[{"href":"https:\/\/festivalcapuchos.com\/pt\/wp-json\/wp\/v2\/media?parent=11103"}],"curies":[{"name":"wp","href":"https:\/\/api.w.org\/{rel}","templated":true}]}}