{"id":2774,"date":"2023-03-13T20:30:32","date_gmt":"2023-03-13T20:30:32","guid":{"rendered":"https:\/\/festivalcapuchos.com\/?page_id=2774"},"modified":"2024-04-03T19:22:55","modified_gmt":"2024-04-03T18:22:55","slug":"sobre_2023","status":"publish","type":"page","link":"https:\/\/festivalcapuchos.com\/pt\/sobre_2023\/","title":{"rendered":"Sobre_2023"},"content":{"rendered":"\t\t<div data-elementor-type=\"wp-page\" data-elementor-id=\"2774\" class=\"elementor elementor-2774\" data-elementor-post-type=\"page\">\n\t\t\t\t\t\t<section class=\"elementor-section elementor-top-section elementor-element elementor-element-f091548 elementor-section-boxed elementor-section-height-default elementor-section-height-default\" data-id=\"f091548\" data-element_type=\"section\" data-e-type=\"section\">\n\t\t\t\t\t\t<div class=\"elementor-container elementor-column-gap-default\">\n\t\t\t\t\t\t<\/div>\n\t\t<\/section>\n\t\t\t\t<section class=\"elementor-section elementor-top-section elementor-element elementor-element-29d29849 elementor-section-boxed elementor-section-height-default elementor-section-height-default\" data-id=\"29d29849\" data-element_type=\"section\" data-e-type=\"section\">\n\t\t\t\t\t\t<div class=\"elementor-container elementor-column-gap-default\">\n\t\t\t\t\t\t<\/div>\n\t\t<\/section>\n\t\t\t\t<section class=\"elementor-section elementor-top-section elementor-element elementor-element-89d9a72 elementor-section-full_width elementor-section-height-default elementor-section-height-default\" data-id=\"89d9a72\" data-element_type=\"section\" data-e-type=\"section\" data-settings=\"{&quot;background_background&quot;:&quot;classic&quot;}\">\n\t\t\t\t\t\t<div class=\"elementor-container elementor-column-gap-no\">\n\t\t\t\t\t<div class=\"elementor-column elementor-col-100 elementor-top-column elementor-element elementor-element-f98106b\" data-id=\"f98106b\" data-element_type=\"column\" data-e-type=\"column\">\n\t\t\t<div class=\"elementor-widget-wrap elementor-element-populated\">\n\t\t\t\t\t\t<div class=\"elementor-element elementor-element-a8fe565 elementor-widget elementor-widget-menu-anchor\" data-id=\"a8fe565\" data-element_type=\"widget\" data-e-type=\"widget\" data-widget_type=\"menu-anchor.default\">\n\t\t\t\t<div class=\"elementor-widget-container\">\n\t\t\t\t\t\t\t<div class=\"elementor-menu-anchor\" id=\"sobre\"><\/div>\n\t\t\t\t\t\t<\/div>\n\t\t\t\t<\/div>\n\t\t\t\t<div class=\"elementor-element elementor-element-462db9d elementor-widget elementor-widget-image\" data-id=\"462db9d\" data-element_type=\"widget\" data-e-type=\"widget\" data-widget_type=\"image.default\">\n\t\t\t\t<div class=\"elementor-widget-container\">\n\t\t\t\t\t\t\t\t\t\t\t\t\t\t\t<img fetchpriority=\"high\" decoding=\"async\" width=\"2000\" height=\"400\" src=\"https:\/\/festivalcapuchos.com\/wp-content\/uploads\/2023\/03\/banner-home3.png\" class=\"attachment-full size-full wp-image-11300\" alt=\"\" srcset=\"https:\/\/festivalcapuchos.com\/wp-content\/uploads\/2023\/03\/banner-home3.png 2000w, https:\/\/festivalcapuchos.com\/wp-content\/uploads\/2023\/03\/banner-home3-300x60.png 300w, https:\/\/festivalcapuchos.com\/wp-content\/uploads\/2023\/03\/banner-home3-1024x205.png 1024w, https:\/\/festivalcapuchos.com\/wp-content\/uploads\/2023\/03\/banner-home3-768x154.png 768w, https:\/\/festivalcapuchos.com\/wp-content\/uploads\/2023\/03\/banner-home3-1536x307.png 1536w, https:\/\/festivalcapuchos.com\/wp-content\/uploads\/2023\/03\/banner-home3-18x4.png 18w\" sizes=\"(max-width: 2000px) 100vw, 2000px\" \/>\t\t\t\t\t\t\t\t\t\t\t\t\t\t\t<\/div>\n\t\t\t\t<\/div>\n\t\t\t\t\t<\/div>\n\t\t<\/div>\n\t\t\t\t\t<\/div>\n\t\t<\/section>\n\t\t\t\t<section class=\"elementor-section elementor-top-section elementor-element elementor-element-3011e46e elementor-section-boxed elementor-section-height-default elementor-section-height-default\" data-id=\"3011e46e\" data-element_type=\"section\" data-e-type=\"section\" data-settings=\"{&quot;background_background&quot;:&quot;classic&quot;}\">\n\t\t\t\t\t\t<div class=\"elementor-container elementor-column-gap-default\">\n\t\t\t\t\t<div class=\"elementor-column elementor-col-25 elementor-top-column elementor-element elementor-element-14b8ee1c\" data-id=\"14b8ee1c\" data-element_type=\"column\" data-e-type=\"column\">\n\t\t\t<div class=\"elementor-widget-wrap\">\n\t\t\t\t\t\t\t<\/div>\n\t\t<\/div>\n\t\t\t\t<div class=\"elementor-column elementor-col-25 elementor-top-column elementor-element elementor-element-3061b72b\" data-id=\"3061b72b\" data-element_type=\"column\" data-e-type=\"column\">\n\t\t\t<div class=\"elementor-widget-wrap elementor-element-populated\">\n\t\t\t\t\t\t<div class=\"elementor-element elementor-element-5c22be6c elementor-widget elementor-widget-spacer\" data-id=\"5c22be6c\" data-element_type=\"widget\" data-e-type=\"widget\" data-widget_type=\"spacer.default\">\n\t\t\t\t<div class=\"elementor-widget-container\">\n\t\t\t\t\t\t\t<div class=\"elementor-spacer\">\n\t\t\t<div class=\"elementor-spacer-inner\"><\/div>\n\t\t<\/div>\n\t\t\t\t\t\t<\/div>\n\t\t\t\t<\/div>\n\t\t\t\t<div class=\"elementor-element elementor-element-57babd62 elementor-widget elementor-widget-image\" data-id=\"57babd62\" data-element_type=\"widget\" data-e-type=\"widget\" data-widget_type=\"image.default\">\n\t\t\t\t<div class=\"elementor-widget-container\">\n\t\t\t\t\t\t\t\t\t\t\t\t\t\t\t<img decoding=\"async\" width=\"534\" height=\"534\" src=\"https:\/\/festivalcapuchos.com\/wp-content\/uploads\/2021\/05\/medeiros.png\" class=\"attachment-1536x1536 size-1536x1536 wp-image-3665\" alt=\"\" srcset=\"https:\/\/festivalcapuchos.com\/wp-content\/uploads\/2021\/05\/medeiros.png 534w, https:\/\/festivalcapuchos.com\/wp-content\/uploads\/2021\/05\/medeiros-300x300.png 300w, https:\/\/festivalcapuchos.com\/wp-content\/uploads\/2021\/05\/medeiros-150x150.png 150w\" sizes=\"(max-width: 534px) 100vw, 534px\" \/>\t\t\t\t\t\t\t\t\t\t\t\t\t\t\t<\/div>\n\t\t\t\t<\/div>\n\t\t\t\t\t<\/div>\n\t\t<\/div>\n\t\t\t\t<div class=\"elementor-column elementor-col-25 elementor-top-column elementor-element elementor-element-be1d0ec\" data-id=\"be1d0ec\" data-element_type=\"column\" data-e-type=\"column\">\n\t\t\t<div class=\"elementor-widget-wrap elementor-element-populated\">\n\t\t\t\t\t\t<div class=\"elementor-element elementor-element-5aa64f47 elementor-widget elementor-widget-spacer\" data-id=\"5aa64f47\" data-element_type=\"widget\" data-e-type=\"widget\" data-widget_type=\"spacer.default\">\n\t\t\t\t<div class=\"elementor-widget-container\">\n\t\t\t\t\t\t\t<div class=\"elementor-spacer\">\n\t\t\t<div class=\"elementor-spacer-inner\"><\/div>\n\t\t<\/div>\n\t\t\t\t\t\t<\/div>\n\t\t\t\t<\/div>\n\t\t\t\t<div class=\"elementor-element elementor-element-19191a8a elementor-widget elementor-widget-text-editor\" data-id=\"19191a8a\" data-element_type=\"widget\" data-e-type=\"widget\" data-widget_type=\"text-editor.default\">\n\t\t\t\t<div class=\"elementor-widget-container\">\n\t\t\t\t\t\t\t\t\t<h2>IN\u00caS DE MEDEIROS<\/h2><h5>Presidente da C\u00e2mara Municipal de Almada<\/h5>\t\t\t\t\t\t\t\t<\/div>\n\t\t\t\t<\/div>\n\t\t\t\t<div class=\"elementor-element elementor-element-736fd33b elementor-drop-cap-yes elementor-drop-cap-view-default elementor-widget elementor-widget-text-editor\" data-id=\"736fd33b\" data-element_type=\"widget\" data-e-type=\"widget\" data-settings=\"{&quot;drop_cap&quot;:&quot;yes&quot;}\" data-widget_type=\"text-editor.default\">\n\t\t\t\t<div class=\"elementor-widget-container\">\n\t\t\t\t\t\t\t\t\t<p>Imaginado em redor das esta\u00e7\u00f5es do ano, o <strong>Festival de M\u00fasica dos Capuchos<\/strong> 2023 coloca em di\u00e1logo compositores que, ao longo de mais de 4 s\u00e9culos, exploraram este conceito, de Vivaldi a Tchaikovsky, e de Piazzolla a Philip Glass. A partir destas esta\u00e7\u00f5es s\u00e3o invocados outros artistas e outros tempos \u2013 hist\u00f3ricos, filos\u00f3ficos ou estivais. \u00c9 atrav\u00e9s da explora\u00e7\u00e3o desta rela\u00e7\u00e3o entre a passagem do tempo e a natureza \u2013 humana, divina, natural \u2013 no indissoci\u00e1vel cruzamento entre a forma e conte\u00fado, que a obra destes artistas se assume como um ritual cultural de contempla\u00e7\u00e3o e de descoberta.\u00a0<\/p><p>Ao longo das tr\u00eas \u00faltimas edi\u00e7\u00f5es, o Festival tamb\u00e9m se tem vindo a afirmar como um espa\u00e7o de partilha e de di\u00e1logo, onde a palavra escrita \u00e9 celebrada com a evoca\u00e7\u00e3o de grandes nomes da literatura. As Conversas dos Capuchos, com curadoria de Carlos Vaz Marques, dedicam esta edi\u00e7\u00e3o ao centen\u00e1rio dos nascimentos de M\u00e1rio Cesariny de Vasconcelos, Nat\u00e1lia Correia e Eug\u00e9nio de Andrade. Na procura de melhoria e diversifica\u00e7\u00e3o constante, este ano marcar\u00e1 tamb\u00e9m a estreia das Masterclasses dos Capuchos, orientadas por professores de refer\u00eancia internacional \u2013 conversas pr\u00e9-concertos denominadas Prel\u00fadios dos Capuchos, com modera\u00e7\u00e3o de Jo\u00e3o Almeida, e da Caminhada dos Capuchos, na Paisagem Protegida da Arriba F\u00f3ssil da Costa da Caparica.<\/p><p>Alargando a sua programa\u00e7\u00e3o para v\u00e1rios espa\u00e7os, nesta edi\u00e7\u00e3o haver\u00e1 concertos no Convento dos Capuchos e, de forma in\u00e9dita, 3 concertos no Teatro Municipal Joaquim Benite. Quanto aos artistas, o Festival volta a acolher conjuntos de refer\u00eancia e excel\u00eancia internacional, com particular destaque para a Orquestra Barroca de Veneza \u201cI Solisti Veneti\u201d, a Orquestra de C\u00e2mara de Budapeste \u201cFranz Liszt\u201d e o Quarteto Herm\u00e8s.\u00a0S\u00e3o tamb\u00e9m muitos os grandes solistas internacionais que v\u00e3o pisar os palcos do Festival, entre os quais se destacam os violinistas Mario Hossen, Jack Liebeck e Esther Hoppe, as cantoras Lena Belkina, Ana Karina Rossi e Deniz Uzun, o violoncelista Christian Polt\u00e9ra, o clarinetista Pascal Moragu\u00e8s, a pianista Marianna Shirinyan, e o lend\u00e1rio pianista norte-americano Stephen Kovacevich.<\/p><p>A aposta na excel\u00eancia nacional \u00e9 uma marca do Festival, que contar\u00e1 com a participa\u00e7\u00e3o do coro Officium Ensemble, o DSCH Schostakovich Ensemble, bem como novos projetos musicais, o 100 Caminhos e o Juventus Ensemble, que juntam jovens e consagrados m\u00fasicos portugueses. N\u00e3o posso deixar de agradecer a homenagem que prop\u00f5e a Ant\u00f3nio Victorino d\u2019Almeida, \u2013 meu pai para quem n\u00e3o saiba \u2013 com o concerto Carta Branca, que assinala os seus 70 anos de atividade art\u00edstica. Confesso que hesitei quando li a proposta, mas sendo a programa\u00e7\u00e3o da exclusiva responsabilidade e com total liberdade de Filipe Pinto-Ribeiro, considerei que em caso algum deveria interferir de modo a n\u00e3o abrir qualquer precedente.<\/p><p>O Festival de M\u00fasica dos Capuchos ocupa um espa\u00e7o ineg\u00e1vel no panorama cultural nacional ao mesmo tempo que n\u00e3o hesita em estender a sua programa\u00e7\u00e3o por todo o concelho, convocando este nosso territ\u00f3rio de muitos e todos os que aqui habitam e visitam a tomar parte neste ritual cultural.<\/p><p>Um agradecimento especial ao Filipe Pinto-Ribeiro, que tem a responsabilidade de construir o Festival e da Dire\u00e7\u00e3o Art\u00edstica e \u00e0 Companhia de Teatro de Almada, que este ano se junta a esta equipa, assim como aos servi\u00e7os culturais da C\u00e2mara Municipal que tornam este grande sonho poss\u00edvel.<\/p><p>Um agradecimento tamb\u00e9m sentido ao principal mecenas e parceiro do evento, a Funda\u00e7\u00e3o BPI\/La Caixa, por continuar a apostar na promo\u00e7\u00e3o da m\u00fasica e dos artistas portugueses.<\/p><h5>In\u00eas de Medeiros<\/h5><p><em>Presidente da C\u00e2mara Municipal de Almada<\/em><\/p>\t\t\t\t\t\t\t\t<\/div>\n\t\t\t\t<\/div>\n\t\t\t\t\t<\/div>\n\t\t<\/div>\n\t\t\t\t<div class=\"elementor-column elementor-col-25 elementor-top-column elementor-element elementor-element-2250b3be\" data-id=\"2250b3be\" data-element_type=\"column\" data-e-type=\"column\">\n\t\t\t<div class=\"elementor-widget-wrap\">\n\t\t\t\t\t\t\t<\/div>\n\t\t<\/div>\n\t\t\t\t\t<\/div>\n\t\t<\/section>\n\t\t\t\t<section class=\"elementor-section elementor-top-section elementor-element elementor-element-200f952 elementor-section-boxed elementor-section-height-default elementor-section-height-default\" data-id=\"200f952\" data-element_type=\"section\" data-e-type=\"section\" data-settings=\"{&quot;background_background&quot;:&quot;classic&quot;}\">\n\t\t\t\t\t\t<div class=\"elementor-container elementor-column-gap-default\">\n\t\t\t\t\t<div class=\"elementor-column elementor-col-25 elementor-top-column elementor-element elementor-element-4b6c601\" data-id=\"4b6c601\" data-element_type=\"column\" data-e-type=\"column\">\n\t\t\t<div class=\"elementor-widget-wrap\">\n\t\t\t\t\t\t\t<\/div>\n\t\t<\/div>\n\t\t\t\t<div class=\"elementor-column elementor-col-25 elementor-top-column elementor-element elementor-element-6b03a42\" data-id=\"6b03a42\" data-element_type=\"column\" data-e-type=\"column\">\n\t\t\t<div class=\"elementor-widget-wrap elementor-element-populated\">\n\t\t\t\t\t\t<div class=\"elementor-element elementor-element-553d71c elementor-widget elementor-widget-spacer\" data-id=\"553d71c\" data-element_type=\"widget\" data-e-type=\"widget\" data-widget_type=\"spacer.default\">\n\t\t\t\t<div class=\"elementor-widget-container\">\n\t\t\t\t\t\t\t<div class=\"elementor-spacer\">\n\t\t\t<div class=\"elementor-spacer-inner\"><\/div>\n\t\t<\/div>\n\t\t\t\t\t\t<\/div>\n\t\t\t\t<\/div>\n\t\t\t\t<div class=\"elementor-element elementor-element-d4dcea2 elementor-widget elementor-widget-image\" data-id=\"d4dcea2\" data-element_type=\"widget\" data-e-type=\"widget\" data-widget_type=\"image.default\">\n\t\t\t\t<div class=\"elementor-widget-container\">\n\t\t\t\t\t\t\t\t\t\t\t\t\t\t\t<img decoding=\"async\" width=\"1071\" height=\"1356\" src=\"https:\/\/festivalcapuchos.com\/wp-content\/uploads\/2021\/05\/FPR.jpg\" class=\"attachment-1536x1536 size-1536x1536 wp-image-4479\" alt=\"\" srcset=\"https:\/\/festivalcapuchos.com\/wp-content\/uploads\/2021\/05\/FPR.jpg 1071w, https:\/\/festivalcapuchos.com\/wp-content\/uploads\/2021\/05\/FPR-237x300.jpg 237w, https:\/\/festivalcapuchos.com\/wp-content\/uploads\/2021\/05\/FPR-809x1024.jpg 809w, https:\/\/festivalcapuchos.com\/wp-content\/uploads\/2021\/05\/FPR-768x972.jpg 768w\" sizes=\"(max-width: 1071px) 100vw, 1071px\" \/>\t\t\t\t\t\t\t\t\t\t\t\t\t\t\t<\/div>\n\t\t\t\t<\/div>\n\t\t\t\t\t<\/div>\n\t\t<\/div>\n\t\t\t\t<div class=\"elementor-column elementor-col-25 elementor-top-column elementor-element elementor-element-9f11d81\" data-id=\"9f11d81\" data-element_type=\"column\" data-e-type=\"column\">\n\t\t\t<div class=\"elementor-widget-wrap elementor-element-populated\">\n\t\t\t\t\t\t<div class=\"elementor-element elementor-element-4794393 elementor-widget elementor-widget-spacer\" data-id=\"4794393\" data-element_type=\"widget\" data-e-type=\"widget\" data-widget_type=\"spacer.default\">\n\t\t\t\t<div class=\"elementor-widget-container\">\n\t\t\t\t\t\t\t<div class=\"elementor-spacer\">\n\t\t\t<div class=\"elementor-spacer-inner\"><\/div>\n\t\t<\/div>\n\t\t\t\t\t\t<\/div>\n\t\t\t\t<\/div>\n\t\t\t\t<div class=\"elementor-element elementor-element-3d02510 elementor-widget elementor-widget-text-editor\" data-id=\"3d02510\" data-element_type=\"widget\" data-e-type=\"widget\" data-widget_type=\"text-editor.default\">\n\t\t\t\t<div class=\"elementor-widget-container\">\n\t\t\t\t\t\t\t\t\t<h2>Filipe Pinto-Ribeiro<\/h2><h5>Director Art\u00edstico do Festival de M\u00fasica dos Capuchos<\/h5>\t\t\t\t\t\t\t\t<\/div>\n\t\t\t\t<\/div>\n\t\t\t\t<div class=\"elementor-element elementor-element-6ba1c94 elementor-widget elementor-widget-text-editor\" data-id=\"6ba1c94\" data-element_type=\"widget\" data-e-type=\"widget\" data-widget_type=\"text-editor.default\">\n\t\t\t\t<div class=\"elementor-widget-container\">\n\t\t\t\t\t\t\t\t\t<p><span style=\"color: #999999;\"><em>Na Primavera, flores de cerejeira, no Ver\u00e3o, o cuco.<\/em><\/span><br \/><span style=\"color: #999999;\"><em>No Outono, a lua, e no Inverno, a neve, clara, fria.<\/em><\/span><br \/><span style=\"color: #999999;\">Eihei Dogen (1200-1253)<\/span><\/p>\t\t\t\t\t\t\t\t<\/div>\n\t\t\t\t<\/div>\n\t\t\t\t<div class=\"elementor-element elementor-element-7fa7580 elementor-drop-cap-yes elementor-drop-cap-view-default elementor-widget elementor-widget-text-editor\" data-id=\"7fa7580\" data-element_type=\"widget\" data-e-type=\"widget\" data-settings=\"{&quot;drop_cap&quot;:&quot;yes&quot;}\" data-widget_type=\"text-editor.default\">\n\t\t\t\t<div class=\"elementor-widget-container\">\n\t\t\t\t\t\t\t\t\t<p>O Festival de M\u00fasica dos Capuchos 2023 \u00e9 inspirado nas esta\u00e7\u00f5es do ano, construindo um arco de quatro s\u00e9culos que abre com as incontorn\u00e1veis\u00a0<em>Le Quattro Stagioni<\/em>, compostas por Vivaldi h\u00e1 300 anos, e encerra com a estreia em Portugal de\u00a0<em>The American Four Seasons<\/em>, que Philip Glass escreveu em 2009, a que se juntam os ciclos de esta\u00e7\u00f5es de Tchaikovsky, no s\u00e9c. XIX, e de Piazzolla, no s\u00e9c. XX.<u><\/u><u><\/u><\/p><p>A sucess\u00e3o das esta\u00e7\u00f5es do ano \u00e9 uma das nossas evid\u00eancias da passagem do tempo e o Festival dos Capuchos 2023 apresentar\u00e1 concertos dedicados a diversas dimens\u00f5es temporais: obras corais do<i>\u00a0tempo<\/i>\u00a0da funda\u00e7\u00e3o do Convento dos Capuchos, a Renascen\u00e7a; o\u00a0<i>tempo<\/i>\u00a0da cria\u00e7\u00e3o em\u00a0<em>La Cr\u00e9ation du Monde<\/em> de Darius Milhaud; repert\u00f3rio inspirado no <i>tempo<\/i>\u00a0estival, como\u00a0<em>Les Nuits d\u2019Et\u00e9<\/em>\u00a0de Hector Berlioz,\u00a0<em>Summer Music<\/em>\u00a0de Samuel Barber,\u00a0<em>Summertime<\/em>\u00a0de George Gershwin; o\u00a0<i>tempo<\/i>\u00a0do apocalipse redentor do\u00a0<em>Quatuor pour la Fin du Temps<\/em>\u00a0de Olivier Messiaen&#8230;<u><\/u><u><\/u><\/p><p>O Festival de M\u00fasica dos Capuchos 2023 realiza-se, como habitualmente, no local que lhe d\u00e1 o nome, o Convento dos Capuchos, e, pela primeira vez, apresenta tr\u00eas concertos no Teatro Municipal Joaquim Benite. Estar\u00e3o presentes artistas e ensembles de renome, entre os quais se destacam, internacionalmente, \u201cI Solisti Veneti\u201d, a Orquestra \u201cFranz Liszt\u201d\u00a0de Budapeste e o Quarteto Herm\u00e8s de Paris, a que se juntam agrupamentos de refer\u00eancia nacionais como Officium Ensemble, DSCH Schostakovich Ensemble, 100 Caminhos. Entre os grandes solistas internacionais de v\u00e1rias gera\u00e7\u00f5es que marcar\u00e3o presen\u00e7a, realce para o\u00a0<i>grand seigneur<\/i>\u00a0do piano Stephen Kovacevich, h\u00e1 mais de meio s\u00e9culo entre a elite mundial, que nos oferece um recital com obras de Ludwig van Beethoven e Alban Berg.<u><\/u><u><\/u><\/p><p>Ao longo do festival, ser\u00e3o interpretadas obras de v\u00e1rios compositores portugueses de v\u00e1rios\u00a0<i>tempos<\/i>, da Renascen\u00e7a \u00e0 m\u00fasica contempor\u00e2nea, com v\u00e1rias estreias absolutas e destaque para o concerto \u201cCarta Branca a Ant\u00f3nio Victorino d\u2019Almeida\u201d, assinalando os seus not\u00e1veis 70 anos de actividade art\u00edstica.<u><\/u><u><\/u><\/p><p>\u00c9 ainda de sublinhar que o Festival dos Capuchos 2023 apresentar\u00e1 a estreia em Portugal de obras de dois dos mais influentes compositores das \u00faltimas d\u00e9cadas, nomeadamente\u00a0<i>Orient &amp; Occident\u00a0<\/i>(2000), do estoniano Arvo P\u00e4rt, e <i>American Four Seasons<\/i>\u00a0(2009), do norte-americano Philip Glass.<u><\/u><u><\/u><\/p><p>O ciclo das j\u00e1 emblem\u00e1ticas \u201cConversas dos Capuchos\u201d, com curadoria e modera\u00e7\u00e3o de Carlos Vaz Marques, ser\u00e1 dedicado aos centen\u00e1rios de tr\u00eas grandes nomes da literatura portuguesa: M\u00e1rio Cesariny de Vasconcelos, Nat\u00e1lia Correia e Eug\u00e9nio de Andrade \u2013 curiosamente nascidos os tr\u00eas precisamente em 1923!<u><\/u><u><\/u><u><\/u>\u00a0<u><\/u><\/p><p>Nesta edi\u00e7\u00e3o de 2023, o Festival dos Capuchos inaugura o seu relevante eixo formativo, com a apresenta\u00e7\u00e3o das Masterclasses dos Capuchos, orientadas por professores dos Conservat\u00f3rios de Paris, Salzburgo e Lucerna.<u><\/u><u><\/u><\/p><p>Tamb\u00e9m pela primeira vez, ser\u00e1 apresentado um conjunto conversas pr\u00e9-concertos, denominadas Prel\u00fadios dos Capuchos, com modera\u00e7\u00e3o de Jo\u00e3o Almeida. E o festival ser\u00e1 ainda complementado por actividades de sensibiliza\u00e7\u00e3o ecol\u00f3gica e patrimonial, como uma Visita cultural ao patrim\u00f3nio hist\u00f3rico do Convento dos Capuchos e uma Caminhada na envolvente do Convento, inserido na Paisagem Protegida da Arriba F\u00f3ssil da Costa da Caparica, que apresenta importantes valores naturais que importa conhecer e valorizar.<u><\/u><u><\/u><u><\/u>\u00a0<u><\/u><\/p><p>Detenho-me finalmente na extraordin\u00e1ria m\u00fasica do \u00faltimo concerto deste Festival, o\u00a0<i>Quarteto para o Fim do Tempo<\/i>, obra-prima estreada durante a 2.\u00aa Guerra Mundial, em 1941, quando Messiaen se encontrava preso num campo nazi e comp\u00f4s este manifesto de f\u00e9 e de reden\u00e7\u00e3o, num\u00a0<i>tempo<\/i>\u00a0de horror que hoje ecoa com grande estrondo num\u00a0<i>tempo<\/i> de guerra em que a Europa est\u00e1 mergulhada h\u00e1 mais de um ano&#8230;<u><\/u><u><\/u><\/p><p>O objetivo \u00faltimo do Festival dos Capuchos \u00e9 celebrar a arte e a vida em comunidade, construir pontes de compreens\u00e3o e de paz entre os povos por interm\u00e9dio da magn\u00edfica linguagem universal que \u00e9 a m\u00fasica.<u><\/u><u><\/u><\/p><p>O meu bem-haja a todos os que tornam poss\u00edvel a realiza\u00e7\u00e3o do Festival de M\u00fasica dos Capuchos, come\u00e7ando pela C\u00e2mara Municipal de Almada e os seus servi\u00e7os municipais, a Direc\u00e7\u00e3o-Geral das Artes, o Mecenas Principal BPI\/Funda\u00e7\u00e3o \u201cla Caixa\u201d, a Companhia de Teatro de Almada, o \u00c2mbito Cultural do El Corte Ingl\u00e9s, a RTP Antena 2 e,\u00a0<i>last but not least<\/i>, a incans\u00e1vel equipa da DSCH Associa\u00e7\u00e3o Musical respons\u00e1vel pela organiza\u00e7\u00e3o do Festival.<u><\/u><u><\/u><u><\/u>\u00a0<u><\/u><\/p><p>O poema que serve de ep\u00edgrafe a este texto foi escrito no s\u00e9c. XIII pelo mestre zen budista Eihei Dogen. Na simplicidade aparente, mas expressiva, com que descreve a beleza das esta\u00e7\u00f5es do ano, Dogen liga-nos \u00e0 ess\u00eancia de elementos que se sucedem ao ritmo\u00a0das esta\u00e7\u00f5es. Dogen deu o t\u00edtulo de Esp\u00edrito Inato ao seu poema, um esp\u00edrito de contempla\u00e7\u00e3o, descoberta e partilha que inspira esta edi\u00e7\u00e3o de 2023 do Festival dos Capuchos.<\/p><h5>Filipe Pinto-Ribeiro<\/h5><p><em>Director Art\u00edstico do Festival de M\u00fasica dos Capuchos<\/em><\/p>\t\t\t\t\t\t\t\t<\/div>\n\t\t\t\t<\/div>\n\t\t\t\t\t<\/div>\n\t\t<\/div>\n\t\t\t\t<div class=\"elementor-column elementor-col-25 elementor-top-column elementor-element elementor-element-99d17fe\" data-id=\"99d17fe\" data-element_type=\"column\" data-e-type=\"column\">\n\t\t\t<div class=\"elementor-widget-wrap\">\n\t\t\t\t\t\t\t<\/div>\n\t\t<\/div>\n\t\t\t\t\t<\/div>\n\t\t<\/section>\n\t\t\t\t<section class=\"elementor-section elementor-top-section elementor-element elementor-element-1528d4d2 elementor-section-boxed elementor-section-height-default elementor-section-height-default\" data-id=\"1528d4d2\" data-element_type=\"section\" data-e-type=\"section\">\n\t\t\t\t\t\t<div class=\"elementor-container elementor-column-gap-default\">\n\t\t\t\t\t\t<\/div>\n\t\t<\/section>\n\t\t\t\t<section class=\"elementor-section elementor-top-section elementor-element elementor-element-4c30ead6 elementor-section-boxed elementor-section-height-default elementor-section-height-default\" data-id=\"4c30ead6\" data-element_type=\"section\" data-e-type=\"section\">\n\t\t\t\t\t\t<div class=\"elementor-container elementor-column-gap-default\">\n\t\t\t\t\t\t<\/div>\n\t\t<\/section>\n\t\t\t\t<section class=\"elementor-section elementor-top-section elementor-element elementor-element-244c4ba4 elementor-section-boxed elementor-section-height-default elementor-section-height-default\" data-id=\"244c4ba4\" data-element_type=\"section\" data-e-type=\"section\">\n\t\t\t\t\t\t<div class=\"elementor-container elementor-column-gap-default\">\n\t\t\t\t\t\t<\/div>\n\t\t<\/section>\n\t\t\t\t<section class=\"elementor-section elementor-top-section elementor-element elementor-element-d5e5094 elementor-section-boxed elementor-section-height-default elementor-section-height-default\" data-id=\"d5e5094\" data-element_type=\"section\" data-e-type=\"section\">\n\t\t\t\t\t\t<div class=\"elementor-container elementor-column-gap-default\">\n\t\t\t\t\t\t<\/div>\n\t\t<\/section>\n\t\t\t\t<section class=\"elementor-section elementor-top-section elementor-element elementor-element-6b12219 elementor-section-boxed elementor-section-height-default elementor-section-height-default\" data-id=\"6b12219\" data-element_type=\"section\" data-e-type=\"section\" data-settings=\"{&quot;background_background&quot;:&quot;classic&quot;}\">\n\t\t\t\t\t\t<div class=\"elementor-container elementor-column-gap-default\">\n\t\t\t\t\t<div class=\"elementor-column elementor-col-100 elementor-top-column elementor-element elementor-element-9907983\" data-id=\"9907983\" data-element_type=\"column\" data-e-type=\"column\">\n\t\t\t<div class=\"elementor-widget-wrap elementor-element-populated\">\n\t\t\t\t\t\t<div class=\"elementor-element elementor-element-9e50b99 elementor-widget elementor-widget-spacer\" data-id=\"9e50b99\" data-element_type=\"widget\" data-e-type=\"widget\" data-widget_type=\"spacer.default\">\n\t\t\t\t<div class=\"elementor-widget-container\">\n\t\t\t\t\t\t\t<div class=\"elementor-spacer\">\n\t\t\t<div class=\"elementor-spacer-inner\"><\/div>\n\t\t<\/div>\n\t\t\t\t\t\t<\/div>\n\t\t\t\t<\/div>\n\t\t\t\t\t<\/div>\n\t\t<\/div>\n\t\t\t\t\t<\/div>\n\t\t<\/section>\n\t\t\t\t<section class=\"elementor-section elementor-top-section elementor-element elementor-element-524733e0 elementor-section-boxed elementor-section-height-default elementor-section-height-default\" data-id=\"524733e0\" data-element_type=\"section\" data-e-type=\"section\">\n\t\t\t\t\t\t<div class=\"elementor-container elementor-column-gap-default\">\n\t\t\t\t\t\t<\/div>\n\t\t<\/section>\n\t\t\t\t<section class=\"elementor-section elementor-top-section elementor-element elementor-element-7e369e26 elementor-section-boxed elementor-section-height-default elementor-section-height-default\" data-id=\"7e369e26\" data-element_type=\"section\" data-e-type=\"section\" data-settings=\"{&quot;background_background&quot;:&quot;classic&quot;}\">\n\t\t\t\t\t\t<div class=\"elementor-container elementor-column-gap-no\">\n\t\t\t\t\t<div class=\"elementor-column elementor-col-20 elementor-top-column elementor-element elementor-element-5cbfc897\" data-id=\"5cbfc897\" data-element_type=\"column\" data-e-type=\"column\">\n\t\t\t<div class=\"elementor-widget-wrap elementor-element-populated\">\n\t\t\t\t\t\t<div class=\"elementor-element elementor-element-49cf8d83 elementor-widget elementor-widget-image\" data-id=\"49cf8d83\" data-element_type=\"widget\" data-e-type=\"widget\" data-widget_type=\"image.default\">\n\t\t\t\t<div class=\"elementor-widget-container\">\n\t\t\t\t\t\t\t\t\t\t\t\t\t\t\t\t<a href=\"https:\/\/www.presidencia.pt\" target=\"_blank\">\n\t\t\t\t\t\t\t<img loading=\"lazy\" decoding=\"async\" width=\"768\" height=\"225\" src=\"https:\/\/festivalcapuchos.com\/wp-content\/uploads\/2023\/03\/logoPr-768x225.jpg\" class=\"attachment-medium_large size-medium_large wp-image-10755\" alt=\"\" srcset=\"https:\/\/festivalcapuchos.com\/wp-content\/uploads\/2023\/03\/logoPr-768x225.jpg 768w, https:\/\/festivalcapuchos.com\/wp-content\/uploads\/2023\/03\/logoPr-300x88.jpg 300w, https:\/\/festivalcapuchos.com\/wp-content\/uploads\/2023\/03\/logoPr-1024x300.jpg 1024w, https:\/\/festivalcapuchos.com\/wp-content\/uploads\/2023\/03\/logoPr-1536x451.jpg 1536w, https:\/\/festivalcapuchos.com\/wp-content\/uploads\/2023\/03\/logoPr-2048x601.jpg 2048w, https:\/\/festivalcapuchos.com\/wp-content\/uploads\/2023\/03\/logoPr-18x5.jpg 18w\" sizes=\"(max-width: 768px) 100vw, 768px\" \/>\t\t\t\t\t\t\t\t<\/a>\n\t\t\t\t\t\t\t\t\t\t\t\t\t\t\t<\/div>\n\t\t\t\t<\/div>\n\t\t\t\t\t<\/div>\n\t\t<\/div>\n\t\t\t\t<div class=\"elementor-column elementor-col-20 elementor-top-column elementor-element elementor-element-3a0407da\" data-id=\"3a0407da\" data-element_type=\"column\" data-e-type=\"column\">\n\t\t\t<div class=\"elementor-widget-wrap elementor-element-populated\">\n\t\t\t\t\t\t<div class=\"elementor-element elementor-element-706229cf elementor-widget elementor-widget-image\" data-id=\"706229cf\" data-element_type=\"widget\" data-e-type=\"widget\" data-widget_type=\"image.default\">\n\t\t\t\t<div class=\"elementor-widget-container\">\n\t\t\t\t\t\t\t\t\t\t\t\t\t\t\t\t<a href=\"https:\/\/www.cm-almada.pt\" target=\"_blank\">\n\t\t\t\t\t\t\t<img loading=\"lazy\" decoding=\"async\" width=\"542\" height=\"198\" src=\"https:\/\/festivalcapuchos.com\/wp-content\/uploads\/2023\/03\/cma.jpg\" class=\"attachment-large size-large wp-image-10756\" alt=\"\" srcset=\"https:\/\/festivalcapuchos.com\/wp-content\/uploads\/2023\/03\/cma.jpg 542w, https:\/\/festivalcapuchos.com\/wp-content\/uploads\/2023\/03\/cma-300x110.jpg 300w, https:\/\/festivalcapuchos.com\/wp-content\/uploads\/2023\/03\/cma-18x7.jpg 18w\" sizes=\"(max-width: 542px) 100vw, 542px\" \/>\t\t\t\t\t\t\t\t<\/a>\n\t\t\t\t\t\t\t\t\t\t\t\t\t\t\t<\/div>\n\t\t\t\t<\/div>\n\t\t\t\t\t<\/div>\n\t\t<\/div>\n\t\t\t\t<div class=\"elementor-column elementor-col-20 elementor-top-column elementor-element elementor-element-5bf12798\" data-id=\"5bf12798\" data-element_type=\"column\" data-e-type=\"column\">\n\t\t\t<div class=\"elementor-widget-wrap elementor-element-populated\">\n\t\t\t\t\t\t<div class=\"elementor-element elementor-element-58f8817a elementor-widget elementor-widget-image\" data-id=\"58f8817a\" data-element_type=\"widget\" data-e-type=\"widget\" data-widget_type=\"image.default\">\n\t\t\t\t<div class=\"elementor-widget-container\">\n\t\t\t\t\t\t\t\t\t\t\t\t\t\t\t\t<a href=\"https:\/\/www.portugal.gov.pt\/pt\/gc21\/area-de-governo\/cultura\" target=\"_blank\">\n\t\t\t\t\t\t\t<img loading=\"lazy\" decoding=\"async\" width=\"405\" height=\"193\" src=\"https:\/\/festivalcapuchos.com\/wp-content\/uploads\/2023\/11\/min_cultura_novo.jpg\" class=\"attachment-large size-large wp-image-12947\" alt=\"\" srcset=\"https:\/\/festivalcapuchos.com\/wp-content\/uploads\/2023\/11\/min_cultura_novo.jpg 405w, https:\/\/festivalcapuchos.com\/wp-content\/uploads\/2023\/11\/min_cultura_novo-300x143.jpg 300w, https:\/\/festivalcapuchos.com\/wp-content\/uploads\/2023\/11\/min_cultura_novo-18x9.jpg 18w\" sizes=\"(max-width: 405px) 100vw, 405px\" \/>\t\t\t\t\t\t\t\t<\/a>\n\t\t\t\t\t\t\t\t\t\t\t\t\t\t\t<\/div>\n\t\t\t\t<\/div>\n\t\t\t\t\t<\/div>\n\t\t<\/div>\n\t\t\t\t<div class=\"elementor-column elementor-col-20 elementor-top-column elementor-element elementor-element-32fe8504\" data-id=\"32fe8504\" data-element_type=\"column\" data-e-type=\"column\">\n\t\t\t<div class=\"elementor-widget-wrap elementor-element-populated\">\n\t\t\t\t\t\t<div class=\"elementor-element elementor-element-1729d7b1 elementor-widget elementor-widget-image\" data-id=\"1729d7b1\" data-element_type=\"widget\" data-e-type=\"widget\" data-widget_type=\"image.default\">\n\t\t\t\t<div class=\"elementor-widget-container\">\n\t\t\t\t\t\t\t\t\t\t\t\t\t\t\t\t<a href=\"https:\/\/www.dgartes.gov.pt\" target=\"_blank\">\n\t\t\t\t\t\t\t<img loading=\"lazy\" decoding=\"async\" width=\"338\" height=\"209\" src=\"https:\/\/festivalcapuchos.com\/wp-content\/uploads\/2023\/03\/dgartes.jpg\" class=\"attachment-large size-large wp-image-10758\" alt=\"\" srcset=\"https:\/\/festivalcapuchos.com\/wp-content\/uploads\/2023\/03\/dgartes.jpg 338w, https:\/\/festivalcapuchos.com\/wp-content\/uploads\/2023\/03\/dgartes-300x186.jpg 300w, https:\/\/festivalcapuchos.com\/wp-content\/uploads\/2023\/03\/dgartes-18x12.jpg 18w\" sizes=\"(max-width: 338px) 100vw, 338px\" \/>\t\t\t\t\t\t\t\t<\/a>\n\t\t\t\t\t\t\t\t\t\t\t\t\t\t\t<\/div>\n\t\t\t\t<\/div>\n\t\t\t\t\t<\/div>\n\t\t<\/div>\n\t\t\t\t<div class=\"elementor-column elementor-col-20 elementor-top-column elementor-element elementor-element-2f5b822c\" data-id=\"2f5b822c\" data-element_type=\"column\" data-e-type=\"column\">\n\t\t\t<div class=\"elementor-widget-wrap elementor-element-populated\">\n\t\t\t\t\t\t<div class=\"elementor-element elementor-element-4805c480 elementor-widget elementor-widget-image\" data-id=\"4805c480\" data-element_type=\"widget\" data-e-type=\"widget\" data-widget_type=\"image.default\">\n\t\t\t\t<div class=\"elementor-widget-container\">\n\t\t\t\t\t\t\t\t\t\t\t\t\t\t\t\t<a href=\"https:\/\/fundacaolacaixa.pt\/pt\/home\" target=\"_blank\">\n\t\t\t\t\t\t\t<img loading=\"lazy\" decoding=\"async\" width=\"1024\" height=\"182\" src=\"https:\/\/festivalcapuchos.com\/wp-content\/uploads\/2023\/03\/pbi_lacaixa-1024x182.jpg\" class=\"attachment-large size-large wp-image-10759\" alt=\"\" srcset=\"https:\/\/festivalcapuchos.com\/wp-content\/uploads\/2023\/03\/pbi_lacaixa-1024x182.jpg 1024w, https:\/\/festivalcapuchos.com\/wp-content\/uploads\/2023\/03\/pbi_lacaixa-300x53.jpg 300w, https:\/\/festivalcapuchos.com\/wp-content\/uploads\/2023\/03\/pbi_lacaixa-768x137.jpg 768w, https:\/\/festivalcapuchos.com\/wp-content\/uploads\/2023\/03\/pbi_lacaixa-18x3.jpg 18w, https:\/\/festivalcapuchos.com\/wp-content\/uploads\/2023\/03\/pbi_lacaixa.jpg 1052w\" sizes=\"(max-width: 1024px) 100vw, 1024px\" \/>\t\t\t\t\t\t\t\t<\/a>\n\t\t\t\t\t\t\t\t\t\t\t\t\t\t\t<\/div>\n\t\t\t\t<\/div>\n\t\t\t\t\t<\/div>\n\t\t<\/div>\n\t\t\t\t\t<\/div>\n\t\t<\/section>\n\t\t\t\t<section class=\"elementor-section elementor-top-section elementor-element elementor-element-51028046 elementor-section-boxed elementor-section-height-default elementor-section-height-default\" data-id=\"51028046\" data-element_type=\"section\" data-e-type=\"section\" data-settings=\"{&quot;background_background&quot;:&quot;classic&quot;}\">\n\t\t\t\t\t\t<div class=\"elementor-container elementor-column-gap-no\">\n\t\t\t\t\t<div class=\"elementor-column elementor-col-16 elementor-top-column elementor-element elementor-element-6926d66b\" data-id=\"6926d66b\" data-element_type=\"column\" data-e-type=\"column\">\n\t\t\t<div class=\"elementor-widget-wrap\">\n\t\t\t\t\t\t\t<\/div>\n\t\t<\/div>\n\t\t\t\t<div class=\"elementor-column elementor-col-16 elementor-top-column elementor-element elementor-element-44c95ef6\" data-id=\"44c95ef6\" data-element_type=\"column\" data-e-type=\"column\">\n\t\t\t<div class=\"elementor-widget-wrap elementor-element-populated\">\n\t\t\t\t\t\t<div class=\"elementor-element elementor-element-669ccea8 elementor-widget elementor-widget-image\" data-id=\"669ccea8\" data-element_type=\"widget\" data-e-type=\"widget\" data-widget_type=\"image.default\">\n\t\t\t\t<div class=\"elementor-widget-container\">\n\t\t\t\t\t\t\t\t\t\t\t\t\t\t\t\t<a href=\"https:\/\/ambito-cultural.elcorteingles.pt\" target=\"_blank\">\n\t\t\t\t\t\t\t<img loading=\"lazy\" decoding=\"async\" width=\"318\" height=\"198\" src=\"https:\/\/festivalcapuchos.com\/wp-content\/uploads\/2023\/03\/corte_igles.jpg\" class=\"attachment-large size-large wp-image-10764\" alt=\"\" srcset=\"https:\/\/festivalcapuchos.com\/wp-content\/uploads\/2023\/03\/corte_igles.jpg 318w, https:\/\/festivalcapuchos.com\/wp-content\/uploads\/2023\/03\/corte_igles-300x187.jpg 300w, https:\/\/festivalcapuchos.com\/wp-content\/uploads\/2023\/03\/corte_igles-18x12.jpg 18w\" sizes=\"(max-width: 318px) 100vw, 318px\" \/>\t\t\t\t\t\t\t\t<\/a>\n\t\t\t\t\t\t\t\t\t\t\t\t\t\t\t<\/div>\n\t\t\t\t<\/div>\n\t\t\t\t\t<\/div>\n\t\t<\/div>\n\t\t\t\t<div class=\"elementor-column elementor-col-16 elementor-top-column elementor-element elementor-element-3ad65f28\" data-id=\"3ad65f28\" data-element_type=\"column\" data-e-type=\"column\">\n\t\t\t<div class=\"elementor-widget-wrap elementor-element-populated\">\n\t\t\t\t\t\t<div class=\"elementor-element elementor-element-178a04b3 elementor-widget elementor-widget-image\" data-id=\"178a04b3\" data-element_type=\"widget\" data-e-type=\"widget\" data-widget_type=\"image.default\">\n\t\t\t\t<div class=\"elementor-widget-container\">\n\t\t\t\t\t\t\t\t\t\t\t\t\t\t\t\t<a href=\"https:\/\/ctalmada.pt\" target=\"_blank\">\n\t\t\t\t\t\t\t<img loading=\"lazy\" decoding=\"async\" width=\"551\" height=\"209\" src=\"https:\/\/festivalcapuchos.com\/wp-content\/uploads\/2023\/03\/tmjb.jpg\" class=\"attachment-large size-large wp-image-10765\" alt=\"\" srcset=\"https:\/\/festivalcapuchos.com\/wp-content\/uploads\/2023\/03\/tmjb.jpg 551w, https:\/\/festivalcapuchos.com\/wp-content\/uploads\/2023\/03\/tmjb-300x114.jpg 300w, https:\/\/festivalcapuchos.com\/wp-content\/uploads\/2023\/03\/tmjb-18x7.jpg 18w\" sizes=\"(max-width: 551px) 100vw, 551px\" \/>\t\t\t\t\t\t\t\t<\/a>\n\t\t\t\t\t\t\t\t\t\t\t\t\t\t\t<\/div>\n\t\t\t\t<\/div>\n\t\t\t\t\t<\/div>\n\t\t<\/div>\n\t\t\t\t<div class=\"elementor-column elementor-col-16 elementor-top-column elementor-element elementor-element-172b8eb5\" data-id=\"172b8eb5\" data-element_type=\"column\" data-e-type=\"column\">\n\t\t\t<div class=\"elementor-widget-wrap elementor-element-populated\">\n\t\t\t\t\t\t<div class=\"elementor-element elementor-element-34b800e2 elementor-widget elementor-widget-image\" data-id=\"34b800e2\" data-element_type=\"widget\" data-e-type=\"widget\" data-widget_type=\"image.default\">\n\t\t\t\t<div class=\"elementor-widget-container\">\n\t\t\t\t\t\t\t\t\t\t\t\t\t\t\t\t<a href=\"https:\/\/www.rtp.pt\" target=\"_blank\">\n\t\t\t\t\t\t\t<img loading=\"lazy\" decoding=\"async\" width=\"775\" height=\"209\" src=\"https:\/\/festivalcapuchos.com\/wp-content\/uploads\/2023\/03\/rtp_ant2.jpg\" class=\"attachment-large size-large wp-image-10766\" alt=\"\" srcset=\"https:\/\/festivalcapuchos.com\/wp-content\/uploads\/2023\/03\/rtp_ant2.jpg 775w, https:\/\/festivalcapuchos.com\/wp-content\/uploads\/2023\/03\/rtp_ant2-300x81.jpg 300w, https:\/\/festivalcapuchos.com\/wp-content\/uploads\/2023\/03\/rtp_ant2-768x207.jpg 768w, https:\/\/festivalcapuchos.com\/wp-content\/uploads\/2023\/03\/rtp_ant2-18x5.jpg 18w\" sizes=\"(max-width: 775px) 100vw, 775px\" \/>\t\t\t\t\t\t\t\t<\/a>\n\t\t\t\t\t\t\t\t\t\t\t\t\t\t\t<\/div>\n\t\t\t\t<\/div>\n\t\t\t\t\t<\/div>\n\t\t<\/div>\n\t\t\t\t<div class=\"elementor-column elementor-col-16 elementor-top-column elementor-element elementor-element-6213e9cb\" data-id=\"6213e9cb\" data-element_type=\"column\" data-e-type=\"column\">\n\t\t\t<div class=\"elementor-widget-wrap elementor-element-populated\">\n\t\t\t\t\t\t<div class=\"elementor-element elementor-element-6a5ee1c4 elementor-widget elementor-widget-image\" data-id=\"6a5ee1c4\" data-element_type=\"widget\" data-e-type=\"widget\" data-widget_type=\"image.default\">\n\t\t\t\t<div class=\"elementor-widget-container\">\n\t\t\t\t\t\t\t\t\t\t\t\t\t\t\t\t<a href=\"https:\/\/www.dsch.pt\" target=\"_blank\">\n\t\t\t\t\t\t\t<img loading=\"lazy\" decoding=\"async\" width=\"372\" height=\"209\" src=\"https:\/\/festivalcapuchos.com\/wp-content\/uploads\/2023\/03\/dsch.jpg\" class=\"attachment-large size-large wp-image-10767\" alt=\"\" srcset=\"https:\/\/festivalcapuchos.com\/wp-content\/uploads\/2023\/03\/dsch.jpg 372w, https:\/\/festivalcapuchos.com\/wp-content\/uploads\/2023\/03\/dsch-300x169.jpg 300w, https:\/\/festivalcapuchos.com\/wp-content\/uploads\/2023\/03\/dsch-18x10.jpg 18w\" sizes=\"(max-width: 372px) 100vw, 372px\" \/>\t\t\t\t\t\t\t\t<\/a>\n\t\t\t\t\t\t\t\t\t\t\t\t\t\t\t<\/div>\n\t\t\t\t<\/div>\n\t\t\t\t\t<\/div>\n\t\t<\/div>\n\t\t\t\t<div class=\"elementor-column elementor-col-16 elementor-top-column elementor-element elementor-element-65e6e843\" data-id=\"65e6e843\" data-element_type=\"column\" data-e-type=\"column\">\n\t\t\t<div class=\"elementor-widget-wrap\">\n\t\t\t\t\t\t\t<\/div>\n\t\t<\/div>\n\t\t\t\t\t<\/div>\n\t\t<\/section>\n\t\t\t\t<\/div>\n\t\t","protected":false},"excerpt":{"rendered":"<p>IN\u00caS DE MEDEIROS Presidente da C\u00e2mara Municipal de Almada Imaginado em redor das esta\u00e7\u00f5es do ano, o Festival de M\u00fasica dos Capuchos 2023 coloca em di\u00e1logo compositores que, ao longo de mais de 4 s\u00e9culos, exploraram este conceito, de Vivaldi a Tchaikovsky, e de Piazzolla a Philip Glass. A partir destas esta\u00e7\u00f5es s\u00e3o invocados outros [&hellip;]<\/p>\n","protected":false},"author":5,"featured_media":0,"parent":0,"menu_order":0,"comment_status":"closed","ping_status":"closed","template":"","meta":{"_acf_changed":false,"ocean_post_layout":"","ocean_both_sidebars_style":"","ocean_both_sidebars_content_width":0,"ocean_both_sidebars_sidebars_width":0,"ocean_sidebar":"0","ocean_second_sidebar":"0","ocean_disable_margins":"enable","ocean_add_body_class":"","ocean_shortcode_before_top_bar":"","ocean_shortcode_after_top_bar":"","ocean_shortcode_before_header":"","ocean_shortcode_after_header":"","ocean_has_shortcode":"","ocean_shortcode_after_title":"","ocean_shortcode_before_footer_widgets":"","ocean_shortcode_after_footer_widgets":"","ocean_shortcode_before_footer_bottom":"","ocean_shortcode_after_footer_bottom":"","ocean_display_top_bar":"default","ocean_display_header":"default","ocean_header_style":"","ocean_center_header_left_menu":"0","ocean_custom_header_template":"0","ocean_custom_logo":0,"ocean_custom_retina_logo":0,"ocean_custom_logo_max_width":0,"ocean_custom_logo_tablet_max_width":0,"ocean_custom_logo_mobile_max_width":0,"ocean_custom_logo_max_height":0,"ocean_custom_logo_tablet_max_height":0,"ocean_custom_logo_mobile_max_height":0,"ocean_header_custom_menu":"0","ocean_menu_typo_font_family":"0","ocean_menu_typo_font_subset":"","ocean_menu_typo_font_size":0,"ocean_menu_typo_font_size_tablet":0,"ocean_menu_typo_font_size_mobile":0,"ocean_menu_typo_font_size_unit":"px","ocean_menu_typo_font_weight":"","ocean_menu_typo_font_weight_tablet":"","ocean_menu_typo_font_weight_mobile":"","ocean_menu_typo_transform":"","ocean_menu_typo_transform_tablet":"","ocean_menu_typo_transform_mobile":"","ocean_menu_typo_line_height":0,"ocean_menu_typo_line_height_tablet":0,"ocean_menu_typo_line_height_mobile":0,"ocean_menu_typo_line_height_unit":"","ocean_menu_typo_spacing":0,"ocean_menu_typo_spacing_tablet":0,"ocean_menu_typo_spacing_mobile":0,"ocean_menu_typo_spacing_unit":"","ocean_menu_link_color":"","ocean_menu_link_color_hover":"","ocean_menu_link_color_active":"","ocean_menu_link_background":"","ocean_menu_link_hover_background":"","ocean_menu_link_active_background":"","ocean_menu_social_links_bg":"","ocean_menu_social_hover_links_bg":"","ocean_menu_social_links_color":"","ocean_menu_social_hover_links_color":"","ocean_disable_title":"default","ocean_disable_heading":"default","ocean_post_title":"","ocean_post_subheading":"","ocean_post_title_style":"","ocean_post_title_background_color":"","ocean_post_title_background":0,"ocean_post_title_bg_image_position":"","ocean_post_title_bg_image_attachment":"","ocean_post_title_bg_image_repeat":"","ocean_post_title_bg_image_size":"","ocean_post_title_height":0,"ocean_post_title_bg_overlay":0.5,"ocean_post_title_bg_overlay_color":"","ocean_disable_breadcrumbs":"default","ocean_breadcrumbs_color":"","ocean_breadcrumbs_separator_color":"","ocean_breadcrumbs_links_color":"","ocean_breadcrumbs_links_hover_color":"","ocean_display_footer_widgets":"default","ocean_display_footer_bottom":"default","ocean_custom_footer_template":"0","footnotes":""},"class_list":["post-2774","page","type-page","status-publish","hentry","entry"],"acf":[],"aioseo_notices":[],"_links":{"self":[{"href":"https:\/\/festivalcapuchos.com\/pt\/wp-json\/wp\/v2\/pages\/2774","targetHints":{"allow":["GET"]}}],"collection":[{"href":"https:\/\/festivalcapuchos.com\/pt\/wp-json\/wp\/v2\/pages"}],"about":[{"href":"https:\/\/festivalcapuchos.com\/pt\/wp-json\/wp\/v2\/types\/page"}],"author":[{"embeddable":true,"href":"https:\/\/festivalcapuchos.com\/pt\/wp-json\/wp\/v2\/users\/5"}],"replies":[{"embeddable":true,"href":"https:\/\/festivalcapuchos.com\/pt\/wp-json\/wp\/v2\/comments?post=2774"}],"version-history":[{"count":0,"href":"https:\/\/festivalcapuchos.com\/pt\/wp-json\/wp\/v2\/pages\/2774\/revisions"}],"wp:attachment":[{"href":"https:\/\/festivalcapuchos.com\/pt\/wp-json\/wp\/v2\/media?parent=2774"}],"curies":[{"name":"wp","href":"https:\/\/api.w.org\/{rel}","templated":true}]}}