{"id":6382,"date":"2023-03-13T12:11:49","date_gmt":"2023-03-13T12:11:49","guid":{"rendered":"https:\/\/festivalcapuchos.com\/?page_id=6382"},"modified":"2024-03-05T21:19:27","modified_gmt":"2024-03-05T21:19:27","slug":"director-artistico","status":"publish","type":"page","link":"https:\/\/festivalcapuchos.com\/pt\/sobre_2023\/director-artistico\/","title":{"rendered":"Director Art\u00edstico"},"content":{"rendered":"\t\t<div data-elementor-type=\"wp-page\" data-elementor-id=\"6382\" class=\"elementor elementor-6382\" data-elementor-post-type=\"page\">\n\t\t\t\t\t\t<section class=\"elementor-section elementor-top-section elementor-element elementor-element-14b95fb0 elementor-section-boxed elementor-section-height-default elementor-section-height-default\" data-id=\"14b95fb0\" data-element_type=\"section\" data-e-type=\"section\">\n\t\t\t\t\t\t<div class=\"elementor-container elementor-column-gap-default\">\n\t\t\t\t\t\t<\/div>\n\t\t<\/section>\n\t\t\t\t<section class=\"elementor-section elementor-top-section elementor-element elementor-element-c7993f4 elementor-section-boxed elementor-section-height-default elementor-section-height-default\" data-id=\"c7993f4\" data-element_type=\"section\" data-e-type=\"section\">\n\t\t\t\t\t\t<div class=\"elementor-container elementor-column-gap-default\">\n\t\t\t\t\t\t<\/div>\n\t\t<\/section>\n\t\t\t\t<section class=\"elementor-section elementor-top-section elementor-element elementor-element-70aa8c9e elementor-section-boxed elementor-section-height-default elementor-section-height-default\" data-id=\"70aa8c9e\" data-element_type=\"section\" data-e-type=\"section\" data-settings=\"{&quot;background_background&quot;:&quot;classic&quot;}\">\n\t\t\t\t\t\t<div class=\"elementor-container elementor-column-gap-default\">\n\t\t\t\t\t<div class=\"elementor-column elementor-col-100 elementor-top-column elementor-element elementor-element-4f1ed83\" data-id=\"4f1ed83\" data-element_type=\"column\" data-e-type=\"column\">\n\t\t\t<div class=\"elementor-widget-wrap elementor-element-populated\">\n\t\t\t\t\t\t<div class=\"elementor-element elementor-element-185eb98a elementor-widget elementor-widget-spacer\" data-id=\"185eb98a\" data-element_type=\"widget\" data-e-type=\"widget\" data-widget_type=\"spacer.default\">\n\t\t\t\t<div class=\"elementor-widget-container\">\n\t\t\t\t\t\t\t<div class=\"elementor-spacer\">\n\t\t\t<div class=\"elementor-spacer-inner\"><\/div>\n\t\t<\/div>\n\t\t\t\t\t\t<\/div>\n\t\t\t\t<\/div>\n\t\t\t\t\t<\/div>\n\t\t<\/div>\n\t\t\t\t\t<\/div>\n\t\t<\/section>\n\t\t\t\t<section class=\"elementor-section elementor-top-section elementor-element elementor-element-5d02948c elementor-section-boxed elementor-section-height-default elementor-section-height-default\" data-id=\"5d02948c\" data-element_type=\"section\" data-e-type=\"section\">\n\t\t\t\t\t\t<div class=\"elementor-container elementor-column-gap-default\">\n\t\t\t\t\t\t<\/div>\n\t\t<\/section>\n\t\t\t\t<section class=\"elementor-section elementor-top-section elementor-element elementor-element-7b773122 elementor-section-boxed elementor-section-height-default elementor-section-height-default\" data-id=\"7b773122\" data-element_type=\"section\" data-e-type=\"section\" data-settings=\"{&quot;background_background&quot;:&quot;classic&quot;}\">\n\t\t\t\t\t\t<div class=\"elementor-container elementor-column-gap-default\">\n\t\t\t\t\t<div class=\"elementor-column elementor-col-16 elementor-top-column elementor-element elementor-element-70f51dde\" data-id=\"70f51dde\" data-element_type=\"column\" data-e-type=\"column\">\n\t\t\t<div class=\"elementor-widget-wrap\">\n\t\t\t\t\t\t\t<\/div>\n\t\t<\/div>\n\t\t\t\t<div class=\"elementor-column elementor-col-66 elementor-top-column elementor-element elementor-element-4a664217\" data-id=\"4a664217\" data-element_type=\"column\" data-e-type=\"column\">\n\t\t\t<div class=\"elementor-widget-wrap elementor-element-populated\">\n\t\t\t\t\t\t<div class=\"elementor-element elementor-element-6684594b elementor-widget elementor-widget-text-editor\" data-id=\"6684594b\" data-element_type=\"widget\" data-e-type=\"widget\" data-widget_type=\"text-editor.default\">\n\t\t\t\t<div class=\"elementor-widget-container\">\n\t\t\t\t\t\t\t\t\t<h2>DIRECTOR ART\u00cdSTICO<\/h2>\t\t\t\t\t\t\t\t<\/div>\n\t\t\t\t<\/div>\n\t\t\t\t\t<\/div>\n\t\t<\/div>\n\t\t\t\t<div class=\"elementor-column elementor-col-16 elementor-top-column elementor-element elementor-element-76f485a2\" data-id=\"76f485a2\" data-element_type=\"column\" data-e-type=\"column\">\n\t\t\t<div class=\"elementor-widget-wrap\">\n\t\t\t\t\t\t\t<\/div>\n\t\t<\/div>\n\t\t\t\t\t<\/div>\n\t\t<\/section>\n\t\t\t\t<section class=\"elementor-section elementor-top-section elementor-element elementor-element-7e5e3f9b elementor-section-boxed elementor-section-height-default elementor-section-height-default\" data-id=\"7e5e3f9b\" data-element_type=\"section\" data-e-type=\"section\" data-settings=\"{&quot;background_background&quot;:&quot;classic&quot;}\">\n\t\t\t\t\t\t<div class=\"elementor-container elementor-column-gap-default\">\n\t\t\t\t\t<div class=\"elementor-column elementor-col-16 elementor-top-column elementor-element elementor-element-3ba96a84\" data-id=\"3ba96a84\" data-element_type=\"column\" data-e-type=\"column\">\n\t\t\t<div class=\"elementor-widget-wrap\">\n\t\t\t\t\t\t\t<\/div>\n\t\t<\/div>\n\t\t\t\t<div class=\"elementor-column elementor-col-66 elementor-top-column elementor-element elementor-element-625f0bed\" data-id=\"625f0bed\" data-element_type=\"column\" data-e-type=\"column\">\n\t\t\t<div class=\"elementor-widget-wrap elementor-element-populated\">\n\t\t\t\t\t\t<div class=\"elementor-element elementor-element-a00103e elementor-widget elementor-widget-image\" data-id=\"a00103e\" data-element_type=\"widget\" data-e-type=\"widget\" data-widget_type=\"image.default\">\n\t\t\t\t<div class=\"elementor-widget-container\">\n\t\t\t\t\t\t\t\t\t\t\t\t<figure class=\"wp-caption\">\n\t\t\t\t\t\t\t\t\t\t<img fetchpriority=\"high\" decoding=\"async\" width=\"1024\" height=\"640\" src=\"https:\/\/festivalcapuchos.com\/wp-content\/uploads\/2021\/05\/FILIPE-PINTO-RIBEIRO-foto-Rita-Carmo-1-scaled-e1622067995687-1024x640.jpg\" class=\"attachment-large size-large wp-image-2579\" alt=\"\" srcset=\"https:\/\/festivalcapuchos.com\/wp-content\/uploads\/2021\/05\/FILIPE-PINTO-RIBEIRO-foto-Rita-Carmo-1-scaled-e1622067995687-1024x640.jpg 1024w, https:\/\/festivalcapuchos.com\/wp-content\/uploads\/2021\/05\/FILIPE-PINTO-RIBEIRO-foto-Rita-Carmo-1-scaled-e1622067995687-300x188.jpg 300w, https:\/\/festivalcapuchos.com\/wp-content\/uploads\/2021\/05\/FILIPE-PINTO-RIBEIRO-foto-Rita-Carmo-1-scaled-e1622067995687-768x480.jpg 768w, https:\/\/festivalcapuchos.com\/wp-content\/uploads\/2021\/05\/FILIPE-PINTO-RIBEIRO-foto-Rita-Carmo-1-scaled-e1622067995687-1536x961.jpg 1536w, https:\/\/festivalcapuchos.com\/wp-content\/uploads\/2021\/05\/FILIPE-PINTO-RIBEIRO-foto-Rita-Carmo-1-scaled-e1622067995687-2048x1281.jpg 2048w\" sizes=\"(max-width: 1024px) 100vw, 1024px\" \/>\t\t\t\t\t\t\t\t\t\t\t<figcaption class=\"widget-image-caption wp-caption-text\">Foto: Rita Carmo<\/figcaption>\n\t\t\t\t\t\t\t\t\t\t<\/figure>\n\t\t\t\t\t\t\t\t\t<\/div>\n\t\t\t\t<\/div>\n\t\t\t\t\t<\/div>\n\t\t<\/div>\n\t\t\t\t<div class=\"elementor-column elementor-col-16 elementor-top-column elementor-element elementor-element-19652734\" data-id=\"19652734\" data-element_type=\"column\" data-e-type=\"column\">\n\t\t\t<div class=\"elementor-widget-wrap\">\n\t\t\t\t\t\t\t<\/div>\n\t\t<\/div>\n\t\t\t\t\t<\/div>\n\t\t<\/section>\n\t\t\t\t<section class=\"elementor-section elementor-top-section elementor-element elementor-element-485746cf elementor-section-boxed elementor-section-height-default elementor-section-height-default\" data-id=\"485746cf\" data-element_type=\"section\" data-e-type=\"section\" data-settings=\"{&quot;background_background&quot;:&quot;classic&quot;}\">\n\t\t\t\t\t\t<div class=\"elementor-container elementor-column-gap-default\">\n\t\t\t\t\t<div class=\"elementor-column elementor-col-16 elementor-top-column elementor-element elementor-element-3c4953d\" data-id=\"3c4953d\" data-element_type=\"column\" data-e-type=\"column\">\n\t\t\t<div class=\"elementor-widget-wrap\">\n\t\t\t\t\t\t\t<\/div>\n\t\t<\/div>\n\t\t\t\t<div class=\"elementor-column elementor-col-66 elementor-top-column elementor-element elementor-element-22da22ab\" data-id=\"22da22ab\" data-element_type=\"column\" data-e-type=\"column\">\n\t\t\t<div class=\"elementor-widget-wrap elementor-element-populated\">\n\t\t\t\t\t\t<div class=\"elementor-element elementor-element-15b0795d elementor-drop-cap-yes elementor-drop-cap-view-default elementor-widget elementor-widget-text-editor\" data-id=\"15b0795d\" data-element_type=\"widget\" data-e-type=\"widget\" data-settings=\"{&quot;drop_cap&quot;:&quot;yes&quot;}\" data-widget_type=\"text-editor.default\">\n\t\t\t\t<div class=\"elementor-widget-container\">\n\t\t\t\t\t\t\t\t\t<p>Filipe Pinto-Ribeiro \u00e9 um dos grandes pianistas portugueses da actualidade e um dos que mais reconhecimento internacional conquistou enquanto solista e m\u00fasico de c\u00e2mara.<br \/>Diplomado e doutorado pelo Conservat\u00f3rio Tchaikovsky de Moscovo, onde estudou com a c\u00e9lebre professora Lyudmila Roschina, Filipe encetou desde ent\u00e3o uma carreira que o tem levado a apresentar-se nas principais salas e com as principais orquestras portuguesas, e de v\u00e1rios pa\u00edses, em alguns dos principais palcos e prestigiadas s\u00e9ries de concertos da Europa e Am\u00e9rica.<br \/>Momento importante no seu percurso foi a cria\u00e7\u00e3o, em 2006, do DSCH-Schostakovich Ensemble (de que \u00e9 director art\u00edstico), um agrupamento de geometria vari\u00e1vel onde Filipe se tem reunido, ao longo dos \u00faltimos quase 20 anos, a muitos dos mais significativos m\u00fasicos do nosso tempo para concertos um pouco por todo o mundo.<br \/>Foi tamb\u00e9m a partir desse Ensemble que criou em 2015 o Festival e Academia Ver\u00e3o Cl\u00e1ssico, que se realiza anualmente em Lisboa e que se constitui hoje inquestionavelmente como um dos mais importantes festivais e academias musicais de Ver\u00e3o do mundo. \u00c9 tamb\u00e9m director art\u00edstico do Festival Bragan\u00e7a ClassicFest e curador do Ciclo de Concertos Music4l-mente, no Porto, sua cidade natal.<br \/>Dentre a sua discografia aclamada internacionalmente, destaque-se, a solo, o CD \u2018Piano Seasons\u2019, com obras de Tchaikovsky, Carrapatoso e Piazzolla\/Nisinman e, em m\u00fasica de c\u00e2mara, a integral para piano e cordas de Schostakovich e um disco com Trios de Beethoven, todos tr\u00eas editados pela Paraty\/Harmonia Mundi.<br \/>Recebeu em 2014, da prestigiada marca de pianos Steinway &amp; Sons, a distin\u00e7\u00e3o oficial de \u201cArtista Steinway\u201d.<br \/>Desde 2021, Filipe Pinto-Ribeiro \u00e9 o director art\u00edstico do Festival de M\u00fasica dos Capuchos.<\/p>\t\t\t\t\t\t\t\t<\/div>\n\t\t\t\t<\/div>\n\t\t\t\t\t<\/div>\n\t\t<\/div>\n\t\t\t\t<div class=\"elementor-column elementor-col-16 elementor-top-column elementor-element elementor-element-2decee0\" data-id=\"2decee0\" data-element_type=\"column\" data-e-type=\"column\">\n\t\t\t<div class=\"elementor-widget-wrap\">\n\t\t\t\t\t\t\t<\/div>\n\t\t<\/div>\n\t\t\t\t\t<\/div>\n\t\t<\/section>\n\t\t\t\t<section class=\"elementor-section elementor-top-section elementor-element elementor-element-73cc9af3 elementor-section-boxed elementor-section-height-default elementor-section-height-default\" data-id=\"73cc9af3\" data-element_type=\"section\" data-e-type=\"section\">\n\t\t\t\t\t\t<div class=\"elementor-container elementor-column-gap-default\">\n\t\t\t\t\t\t<\/div>\n\t\t<\/section>\n\t\t\t\t<section class=\"elementor-section elementor-top-section elementor-element elementor-element-38a7aa0f elementor-section-boxed elementor-section-height-default elementor-section-height-default\" data-id=\"38a7aa0f\" data-element_type=\"section\" data-e-type=\"section\">\n\t\t\t\t\t\t<div class=\"elementor-container elementor-column-gap-default\">\n\t\t\t\t\t\t<\/div>\n\t\t<\/section>\n\t\t\t\t<section class=\"elementor-section elementor-top-section elementor-element elementor-element-464648f1 elementor-section-boxed elementor-section-height-default elementor-section-height-default\" data-id=\"464648f1\" data-element_type=\"section\" data-e-type=\"section\">\n\t\t\t\t\t\t<div class=\"elementor-container elementor-column-gap-default\">\n\t\t\t\t\t\t<\/div>\n\t\t<\/section>\n\t\t\t\t<section class=\"elementor-section elementor-top-section elementor-element elementor-element-c572974 elementor-section-boxed elementor-section-height-default elementor-section-height-default\" data-id=\"c572974\" data-element_type=\"section\" data-e-type=\"section\" data-settings=\"{&quot;background_background&quot;:&quot;classic&quot;}\">\n\t\t\t\t\t\t<div class=\"elementor-container elementor-column-gap-default\">\n\t\t\t\t\t<div class=\"elementor-column elementor-col-100 elementor-top-column elementor-element elementor-element-29305e4a\" data-id=\"29305e4a\" data-element_type=\"column\" data-e-type=\"column\">\n\t\t\t<div class=\"elementor-widget-wrap elementor-element-populated\">\n\t\t\t\t\t\t<div class=\"elementor-element elementor-element-2b1449c5 elementor-widget elementor-widget-spacer\" data-id=\"2b1449c5\" data-element_type=\"widget\" data-e-type=\"widget\" data-widget_type=\"spacer.default\">\n\t\t\t\t<div class=\"elementor-widget-container\">\n\t\t\t\t\t\t\t<div class=\"elementor-spacer\">\n\t\t\t<div class=\"elementor-spacer-inner\"><\/div>\n\t\t<\/div>\n\t\t\t\t\t\t<\/div>\n\t\t\t\t<\/div>\n\t\t\t\t\t<\/div>\n\t\t<\/div>\n\t\t\t\t\t<\/div>\n\t\t<\/section>\n\t\t\t\t<section class=\"elementor-section elementor-top-section elementor-element elementor-element-190d30f8 elementor-section-boxed elementor-section-height-default elementor-section-height-default\" data-id=\"190d30f8\" data-element_type=\"section\" data-e-type=\"section\">\n\t\t\t\t\t\t<div class=\"elementor-container elementor-column-gap-default\">\n\t\t\t\t\t\t<\/div>\n\t\t<\/section>\n\t\t\t\t<\/div>\n\t\t","protected":false},"excerpt":{"rendered":"<p>DIRECTOR ART\u00cdSTICO Foto: Rita Carmo Filipe Pinto-Ribeiro \u00e9 um dos grandes pianistas portugueses da actualidade e um dos que mais reconhecimento internacional conquistou enquanto solista e m\u00fasico de c\u00e2mara.Diplomado e doutorado pelo Conservat\u00f3rio Tchaikovsky de Moscovo, onde estudou com a c\u00e9lebre professora Lyudmila Roschina, Filipe encetou desde ent\u00e3o uma carreira que o tem levado a [&hellip;]<\/p>\n","protected":false},"author":5,"featured_media":2579,"parent":2774,"menu_order":0,"comment_status":"closed","ping_status":"closed","template":"","meta":{"_acf_changed":false,"ocean_post_layout":"","ocean_both_sidebars_style":"","ocean_both_sidebars_content_width":0,"ocean_both_sidebars_sidebars_width":0,"ocean_sidebar":"0","ocean_second_sidebar":"0","ocean_disable_margins":"enable","ocean_add_body_class":"","ocean_shortcode_before_top_bar":"","ocean_shortcode_after_top_bar":"","ocean_shortcode_before_header":"","ocean_shortcode_after_header":"","ocean_has_shortcode":"","ocean_shortcode_after_title":"","ocean_shortcode_before_footer_widgets":"","ocean_shortcode_after_footer_widgets":"","ocean_shortcode_before_footer_bottom":"","ocean_shortcode_after_footer_bottom":"","ocean_display_top_bar":"default","ocean_display_header":"default","ocean_header_style":"","ocean_center_header_left_menu":"0","ocean_custom_header_template":"0","ocean_custom_logo":0,"ocean_custom_retina_logo":0,"ocean_custom_logo_max_width":0,"ocean_custom_logo_tablet_max_width":0,"ocean_custom_logo_mobile_max_width":0,"ocean_custom_logo_max_height":0,"ocean_custom_logo_tablet_max_height":0,"ocean_custom_logo_mobile_max_height":0,"ocean_header_custom_menu":"0","ocean_menu_typo_font_family":"0","ocean_menu_typo_font_subset":"","ocean_menu_typo_font_size":0,"ocean_menu_typo_font_size_tablet":0,"ocean_menu_typo_font_size_mobile":0,"ocean_menu_typo_font_size_unit":"px","ocean_menu_typo_font_weight":"","ocean_menu_typo_font_weight_tablet":"","ocean_menu_typo_font_weight_mobile":"","ocean_menu_typo_transform":"","ocean_menu_typo_transform_tablet":"","ocean_menu_typo_transform_mobile":"","ocean_menu_typo_line_height":0,"ocean_menu_typo_line_height_tablet":0,"ocean_menu_typo_line_height_mobile":0,"ocean_menu_typo_line_height_unit":"","ocean_menu_typo_spacing":0,"ocean_menu_typo_spacing_tablet":0,"ocean_menu_typo_spacing_mobile":0,"ocean_menu_typo_spacing_unit":"","ocean_menu_link_color":"","ocean_menu_link_color_hover":"","ocean_menu_link_color_active":"","ocean_menu_link_background":"","ocean_menu_link_hover_background":"","ocean_menu_link_active_background":"","ocean_menu_social_links_bg":"","ocean_menu_social_hover_links_bg":"","ocean_menu_social_links_color":"","ocean_menu_social_hover_links_color":"","ocean_disable_title":"default","ocean_disable_heading":"default","ocean_post_title":"","ocean_post_subheading":"","ocean_post_title_style":"","ocean_post_title_background_color":"","ocean_post_title_background":0,"ocean_post_title_bg_image_position":"","ocean_post_title_bg_image_attachment":"","ocean_post_title_bg_image_repeat":"","ocean_post_title_bg_image_size":"","ocean_post_title_height":0,"ocean_post_title_bg_overlay":0.5,"ocean_post_title_bg_overlay_color":"","ocean_disable_breadcrumbs":"default","ocean_breadcrumbs_color":"","ocean_breadcrumbs_separator_color":"","ocean_breadcrumbs_links_color":"","ocean_breadcrumbs_links_hover_color":"","ocean_display_footer_widgets":"default","ocean_display_footer_bottom":"default","ocean_custom_footer_template":"0","footnotes":""},"class_list":["post-6382","page","type-page","status-publish","has-post-thumbnail","hentry","entry","has-media"],"acf":[],"aioseo_notices":[],"_links":{"self":[{"href":"https:\/\/festivalcapuchos.com\/pt\/wp-json\/wp\/v2\/pages\/6382","targetHints":{"allow":["GET"]}}],"collection":[{"href":"https:\/\/festivalcapuchos.com\/pt\/wp-json\/wp\/v2\/pages"}],"about":[{"href":"https:\/\/festivalcapuchos.com\/pt\/wp-json\/wp\/v2\/types\/page"}],"author":[{"embeddable":true,"href":"https:\/\/festivalcapuchos.com\/pt\/wp-json\/wp\/v2\/users\/5"}],"replies":[{"embeddable":true,"href":"https:\/\/festivalcapuchos.com\/pt\/wp-json\/wp\/v2\/comments?post=6382"}],"version-history":[{"count":0,"href":"https:\/\/festivalcapuchos.com\/pt\/wp-json\/wp\/v2\/pages\/6382\/revisions"}],"up":[{"embeddable":true,"href":"https:\/\/festivalcapuchos.com\/pt\/wp-json\/wp\/v2\/pages\/2774"}],"wp:featuredmedia":[{"embeddable":true,"href":"https:\/\/festivalcapuchos.com\/pt\/wp-json\/wp\/v2\/media\/2579"}],"wp:attachment":[{"href":"https:\/\/festivalcapuchos.com\/pt\/wp-json\/wp\/v2\/media?parent=6382"}],"curies":[{"name":"wp","href":"https:\/\/api.w.org\/{rel}","templated":true}]}}